{"id":50,"date":"2019-02-16T21:28:27","date_gmt":"2019-02-16T21:28:27","guid":{"rendered":"http:\/\/pfarrgemeinde-parsberg.de\/?page_id=50"},"modified":"2023-09-06T07:11:16","modified_gmt":"2023-09-06T05:11:16","slug":"pfarrgemeinderat","status":"publish","type":"page","link":"http:\/\/pfarrgemeinde-parsberg.de\/?page_id=50","title":{"rendered":"Pfarrgemeinderat"},"content":{"rendered":"\n<h3 class=\"wp-block-heading\"> Pfarrgemeinderatssprecher:<\/h3>\n\n\n\n<figure class=\"wp-block-image size-full\"><img loading=\"lazy\" decoding=\"async\" width=\"132\" height=\"182\" src=\"http:\/\/pfarrgemeinde-parsberg.de\/wp-content\/uploads\/2022\/05\/Stephan-Georg.png\" alt=\"\" class=\"wp-image-789\"\/><figcaption class=\"wp-element-caption\">Georg Stephan<\/figcaption><\/figure>\n\n\n\n<h3 class=\"wp-block-heading\">Mitglieder:<\/h3>\n\n\n\n<figure class=\"wp-block-gallery has-nested-images columns-default is-cropped wp-block-gallery-1 is-layout-flex wp-block-gallery-is-layout-flex\">\n<figure class=\"wp-block-image size-large\"><img loading=\"lazy\" decoding=\"async\" width=\"122\" height=\"180\" data-id=\"773\" src=\"http:\/\/pfarrgemeinde-parsberg.de\/wp-content\/uploads\/2022\/05\/Brummer-Michael-1.png\" alt=\"\" class=\"wp-image-773\"\/><figcaption class=\"wp-element-caption\">Michael Brummer<\/figcaption><\/figure>\n\n\n\n<figure class=\"wp-block-image size-large\"><img loading=\"lazy\" decoding=\"async\" width=\"141\" height=\"177\" data-id=\"775\" src=\"http:\/\/pfarrgemeinde-parsberg.de\/wp-content\/uploads\/2022\/05\/Golling-Manuel-1.png\" alt=\"\" class=\"wp-image-775\"\/><figcaption class=\"wp-element-caption\">Manuel Golling<\/figcaption><\/figure>\n\n\n\n<figure class=\"wp-block-image size-large\"><img loading=\"lazy\" decoding=\"async\" width=\"172\" height=\"185\" data-id=\"774\" src=\"http:\/\/pfarrgemeinde-parsberg.de\/wp-content\/uploads\/2022\/05\/Goss-Anglika-1.png\" alt=\"\" class=\"wp-image-774\"\/><figcaption class=\"wp-element-caption\">Angelika Go\u00df<\/figcaption><\/figure>\n\n\n\n<figure class=\"wp-block-image size-large\"><img loading=\"lazy\" decoding=\"async\" width=\"143\" height=\"183\" data-id=\"777\" src=\"http:\/\/pfarrgemeinde-parsberg.de\/wp-content\/uploads\/2022\/05\/Hiller-Anja-1.png\" alt=\"\" class=\"wp-image-777\"\/><figcaption class=\"wp-element-caption\">Anja Hiller<\/figcaption><\/figure>\n\n\n\n<figure class=\"wp-block-image size-large\"><img loading=\"lazy\" decoding=\"async\" width=\"728\" height=\"1024\" data-id=\"793\" src=\"http:\/\/pfarrgemeinde-parsberg.de\/wp-content\/uploads\/2022\/05\/Horn-Theresia-1-728x1024.jpg\" alt=\"\" class=\"wp-image-793\" srcset=\"http:\/\/pfarrgemeinde-parsberg.de\/wp-content\/uploads\/2022\/05\/Horn-Theresia-1-728x1024.jpg 728w, http:\/\/pfarrgemeinde-parsberg.de\/wp-content\/uploads\/2022\/05\/Horn-Theresia-1-213x300.jpg 213w, http:\/\/pfarrgemeinde-parsberg.de\/wp-content\/uploads\/2022\/05\/Horn-Theresia-1-768x1080.jpg 768w, http:\/\/pfarrgemeinde-parsberg.de\/wp-content\/uploads\/2022\/05\/Horn-Theresia-1-1092x1536.jpg 1092w, http:\/\/pfarrgemeinde-parsberg.de\/wp-content\/uploads\/2022\/05\/Horn-Theresia-1-1457x2048.jpg 1457w, http:\/\/pfarrgemeinde-parsberg.de\/wp-content\/uploads\/2022\/05\/Horn-Theresia-1-scaled.jpg 1821w\" sizes=\"auto, (max-width: 728px) 100vw, 728px\" \/><figcaption class=\"wp-element-caption\">Theresia Horn<\/figcaption><\/figure>\n\n\n\n<figure class=\"wp-block-image size-large\"><img loading=\"lazy\" decoding=\"async\" width=\"140\" height=\"178\" data-id=\"776\" src=\"http:\/\/pfarrgemeinde-parsberg.de\/wp-content\/uploads\/2022\/05\/Kaeufl-Melanie-1.png\" alt=\"\" class=\"wp-image-776\"\/><figcaption class=\"wp-element-caption\">Melanie K\u00e4ufl<\/figcaption><\/figure>\n\n\n\n<figure class=\"wp-block-image size-large\"><img loading=\"lazy\" decoding=\"async\" width=\"98\" height=\"184\" data-id=\"778\" src=\"http:\/\/pfarrgemeinde-parsberg.de\/wp-content\/uploads\/2022\/05\/Kratzer-Josef-1.png\" alt=\"\" class=\"wp-image-778\"\/><figcaption class=\"wp-element-caption\">Josef Kratzer<\/figcaption><\/figure>\n\n\n\n<figure class=\"wp-block-image size-large\"><img loading=\"lazy\" decoding=\"async\" width=\"141\" height=\"181\" data-id=\"779\" src=\"http:\/\/pfarrgemeinde-parsberg.de\/wp-content\/uploads\/2022\/05\/Kratzer-Leonie-1.png\" alt=\"\" class=\"wp-image-779\"\/><figcaption class=\"wp-element-caption\">Leonie Kratzer<\/figcaption><\/figure>\n\n\n\n<figure class=\"wp-block-image size-large\"><img loading=\"lazy\" decoding=\"async\" width=\"142\" height=\"186\" data-id=\"784\" src=\"http:\/\/pfarrgemeinde-parsberg.de\/wp-content\/uploads\/2022\/05\/Nutz-Simone-1.png\" alt=\"\" class=\"wp-image-784\"\/><figcaption class=\"wp-element-caption\">Simone Nutz<\/figcaption><\/figure>\n\n\n\n<figure class=\"wp-block-image size-large\"><img loading=\"lazy\" decoding=\"async\" width=\"161\" height=\"185\" data-id=\"782\" src=\"http:\/\/pfarrgemeinde-parsberg.de\/wp-content\/uploads\/2022\/05\/Ott-Andrea-1.png\" alt=\"\" class=\"wp-image-782\"\/><figcaption class=\"wp-element-caption\">Andrea Ott<\/figcaption><\/figure>\n\n\n\n<figure class=\"wp-block-image size-large\"><img loading=\"lazy\" decoding=\"async\" width=\"132\" height=\"184\" data-id=\"781\" src=\"http:\/\/pfarrgemeinde-parsberg.de\/wp-content\/uploads\/2022\/05\/Poeppl-Neufert-Christoph-1.png\" alt=\"\" class=\"wp-image-781\"\/><figcaption class=\"wp-element-caption\">Christoph P\u00f6ppl-Neufert<\/figcaption><\/figure>\n\n\n\n<figure class=\"wp-block-image size-large\"><img loading=\"lazy\" decoding=\"async\" width=\"123\" height=\"184\" data-id=\"780\" src=\"http:\/\/pfarrgemeinde-parsberg.de\/wp-content\/uploads\/2022\/05\/Ptak-Kerstin-1.png\" alt=\"\" class=\"wp-image-780\"\/><figcaption class=\"wp-element-caption\">Kerstin Ptak<\/figcaption><\/figure>\n\n\n\n<figure class=\"wp-block-image size-large\"><img loading=\"lazy\" decoding=\"async\" width=\"151\" height=\"181\" data-id=\"783\" src=\"http:\/\/pfarrgemeinde-parsberg.de\/wp-content\/uploads\/2022\/05\/Ramburger-Holger.png\" alt=\"\" class=\"wp-image-783\"\/><figcaption class=\"wp-element-caption\">Holger Ramburger<\/figcaption><\/figure>\n\n\n\n<figure class=\"wp-block-image size-large\"><img loading=\"lazy\" decoding=\"async\" width=\"94\" height=\"184\" data-id=\"785\" src=\"http:\/\/pfarrgemeinde-parsberg.de\/wp-content\/uploads\/2022\/05\/Roedl-Annemarie.png\" alt=\"\" class=\"wp-image-785\"\/><figcaption class=\"wp-element-caption\">Annemarie R\u00f6dl<\/figcaption><\/figure>\n\n\n\n<figure class=\"wp-block-image size-large\"><img loading=\"lazy\" decoding=\"async\" width=\"142\" height=\"181\" data-id=\"786\" src=\"http:\/\/pfarrgemeinde-parsberg.de\/wp-content\/uploads\/2022\/05\/Roidl-Wilhelm.png\" alt=\"\" class=\"wp-image-786\"\/><figcaption class=\"wp-element-caption\">Wilhelm Roidl<\/figcaption><\/figure>\n\n\n\n<figure class=\"wp-block-image size-large\"><img loading=\"lazy\" decoding=\"async\" width=\"140\" height=\"183\" data-id=\"788\" src=\"http:\/\/pfarrgemeinde-parsberg.de\/wp-content\/uploads\/2022\/05\/Schoetz-Friedrich.png\" alt=\"\" class=\"wp-image-788\"\/><figcaption class=\"wp-element-caption\">Friedrich Sch\u00f6tz<\/figcaption><\/figure>\n\n\n\n<figure class=\"wp-block-image size-large\"><img loading=\"lazy\" decoding=\"async\" width=\"137\" height=\"179\" data-id=\"787\" src=\"http:\/\/pfarrgemeinde-parsberg.de\/wp-content\/uploads\/2022\/05\/Weigert-Christof.png\" alt=\"\" class=\"wp-image-787\"\/><figcaption class=\"wp-element-caption\">Christof Weigert<\/figcaption><\/figure>\n\n\n\n<figure class=\"wp-block-image size-large\"><img loading=\"lazy\" decoding=\"async\" width=\"124\" height=\"183\" data-id=\"790\" src=\"http:\/\/pfarrgemeinde-parsberg.de\/wp-content\/uploads\/2022\/05\/Weigert-Martina.png\" alt=\"\" class=\"wp-image-790\"\/><figcaption class=\"wp-element-caption\">Martina Weigert<\/figcaption><\/figure>\n\n\n\n<figure class=\"wp-block-image size-large\"><img loading=\"lazy\" decoding=\"async\" width=\"137\" height=\"179\" data-id=\"791\" src=\"http:\/\/pfarrgemeinde-parsberg.de\/wp-content\/uploads\/2022\/05\/Wittl-Manfred.png\" alt=\"\" class=\"wp-image-791\"\/><figcaption class=\"wp-element-caption\">Manfred Wittl<\/figcaption><\/figure>\n\n\n\n<figure class=\"wp-block-image size-large\"><img loading=\"lazy\" decoding=\"async\" width=\"405\" height=\"534\" data-id=\"792\" src=\"http:\/\/pfarrgemeinde-parsberg.de\/wp-content\/uploads\/2022\/05\/Wuerdinger-Monika.jpg\" alt=\"\" class=\"wp-image-792\" srcset=\"http:\/\/pfarrgemeinde-parsberg.de\/wp-content\/uploads\/2022\/05\/Wuerdinger-Monika.jpg 405w, http:\/\/pfarrgemeinde-parsberg.de\/wp-content\/uploads\/2022\/05\/Wuerdinger-Monika-228x300.jpg 228w\" sizes=\"auto, (max-width: 405px) 100vw, 405px\" \/><figcaption class=\"wp-element-caption\">Monika W\u00fcrdinger<\/figcaption><\/figure>\n<\/figure>\n\n\n\n<h5 class=\"wp-block-heading\" style=\"font-style:italic;font-weight:800;line-height:1.2\"><kbd><strong><em><u><a href=\"Pfarrgemeinderat:\">Sachaussch\u00fcsse<\/a><\/u><\/em><\/strong><\/kbd><\/h5>\n\n\n\n<pre class=\"wp-block-preformatted\" style=\"font-size:15px\"><strong><u>Caritas\/Soziales<\/u>: Theresia Horn,<\/strong> Annemarie R\u00f6dl, Josef Kratzer<\/pre>\n\n\n\n<pre class=\"wp-block-preformatted\"><strong><u>\u00d6ffentlichkeitsarbeit<\/u>: Georg Stephan<\/strong>, Monika W\u00fcrdinger, Kerstin Ptak (Presse), Josef Kratzer, Christof Weigert, Wilhelm Roidl, Manuel Golling<\/pre>\n\n\n\n<pre class=\"wp-block-preformatted\"><strong><u>Ehe und Familie<\/u>: Andrea Ott<\/strong>, Holger Ramburger, Martina Weigert, Christoph P\u00f6ppl-Neufert, Melanie K\u00e4ufl<\/pre>\n\n\n\n<pre class=\"wp-block-preformatted\"><strong><u>Jugend<\/u>: Leonie Kratzer<\/strong>, Anja Hiller, Simone Nutz, Barbara Fischer, Kerstin Ptak, Melanie K\u00e4ufl<\/pre>\n\n\n\n<pre class=\"wp-block-preformatted\"><strong><u>Willenhofen\/Herrnried<\/u>:&nbsp;&nbsp;Friedrich Sch\u00f6tz<\/strong>, Angelika Go\u00df, Wilhelm Roidl, Manfred Wittl, Michael Brummer<\/pre>\n\n\n\n<pre class=\"wp-block-preformatted\"><strong><u>Feste Feiern\/Gesellschaftliches Leben<\/u>:&nbsp; <\/strong>Alle Mitglieder<\/pre>\n","protected":false},"excerpt":{"rendered":"<p>Pfarrgemeinderatssprecher: Mitglieder: Sachaussch\u00fcsse Caritas\/Soziales: Theresia Horn, Annemarie R\u00f6dl, Josef Kratzer \u00d6ffentlichkeitsarbeit: Georg Stephan, Monika W\u00fcrdinger, Kerstin Ptak (Presse), Josef Kratzer, Christof Weigert, Wilhelm Roidl, Manuel Golling Ehe und Familie: Andrea Ott, Holger Ramburger, Martina Weigert, Christoph P\u00f6ppl-Neufert, Melanie K\u00e4ufl Jugend: Leonie Kratzer, Anja Hiller, Simone Nutz, Barbara Fischer, Kerstin Ptak, Melanie K\u00e4ufl Willenhofen\/Herrnried:&nbsp;&nbsp;Friedrich Sch\u00f6tz, Angelika &hellip; <\/p>\n<p class=\"link-more\"><a href=\"http:\/\/pfarrgemeinde-parsberg.de\/?page_id=50\" class=\"more-link\"><span class=\"screen-reader-text\">\u201ePfarrgemeinderat\u201c<\/span> weiterlesen<\/a><\/p>\n","protected":false},"author":1,"featured_media":0,"parent":0,"menu_order":0,"comment_status":"closed","ping_status":"closed","template":"","meta":{"footnotes":""},"class_list":["post-50","page","type-page","status-publish","hentry"],"_links":{"self":[{"href":"http:\/\/pfarrgemeinde-parsberg.de\/index.php?rest_route=\/wp\/v2\/pages\/50","targetHints":{"allow":["GET"]}}],"collection":[{"href":"http:\/\/pfarrgemeinde-parsberg.de\/index.php?rest_route=\/wp\/v2\/pages"}],"about":[{"href":"http:\/\/pfarrgemeinde-parsberg.de\/index.php?rest_route=\/wp\/v2\/types\/page"}],"author":[{"embeddable":true,"href":"http:\/\/pfarrgemeinde-parsberg.de\/index.php?rest_route=\/wp\/v2\/users\/1"}],"replies":[{"embeddable":true,"href":"http:\/\/pfarrgemeinde-parsberg.de\/index.php?rest_route=%2Fwp%2Fv2%2Fcomments&post=50"}],"version-history":[{"count":15,"href":"http:\/\/pfarrgemeinde-parsberg.de\/index.php?rest_route=\/wp\/v2\/pages\/50\/revisions"}],"predecessor-version":[{"id":1235,"href":"http:\/\/pfarrgemeinde-parsberg.de\/index.php?rest_route=\/wp\/v2\/pages\/50\/revisions\/1235"}],"wp:attachment":[{"href":"http:\/\/pfarrgemeinde-parsberg.de\/index.php?rest_route=%2Fwp%2Fv2%2Fmedia&parent=50"}],"curies":[{"name":"wp","href":"https:\/\/api.w.org\/{rel}","templated":true}]}}